{"id":51513,"date":"2024-10-08T15:37:34","date_gmt":"2024-10-08T13:37:34","guid":{"rendered":"https:\/\/provence-mediterranee.prep.faire-savoir.eu\/?page_id=51513"},"modified":"2025-03-31T10:36:26","modified_gmt":"2025-03-31T08:36:26","slug":"cycling-in-provence-mediterranee-6","status":"publish","type":"page","link":"https:\/\/provence-mediterranee.prep.faire-savoir.eu\/en\/living-provence\/exceptional-landscapes\/ideas-for-outings\/cycling-in-provence-mediterranee-6\/","title":{"rendered":"A day of ideas: from Sablettes to Faron"},"content":{"rendered":"\n<section class=\"wp-block-group alignfull pattern-text-map has-global-padding is-layout-constrained wp-block-group-is-layout-constrained\">\n<div class=\"wp-block-columns are-vertically-aligned-center is-layout-flex wp-container-core-columns-is-layout-28f84493 wp-block-columns-is-layout-flex\">\n<div class=\"wp-block-column is-vertically-aligned-center pattern-text-map__content is-layout-flow wp-block-column-is-layout-flow\" style=\"flex-basis:47%\">\n<h2 class=\"wp-block-heading has-text-align-center\">From beach to Toulon giant<\/h2>\n\n\n\n<p class=\"has-text-align-center\">Enjoy a day of history, games and discovery, in the enchanting setting of the Sablettes beach, Tamaris bay and Toulon harbor. Travel aboard the waterbus, climb Mont Faron by cable car and enjoy panoramic views of the city, hills and sea. <\/p>\n<\/div>\n\n\n\n<div class=\"wp-block-column is-vertically-aligned-center pattern-text-map__map is-layout-flow wp-block-column-is-layout-flow\" style=\"flex-basis:53%\">\n<figure class=\"wp-block-embed is-type-video is-provider-youtube wp-block-embed-youtube wp-embed-aspect-16-9 wp-has-aspect-ratio\"><div class=\"wp-block-embed__wrapper\"> \n<iframe loading=\"lazy\" title=\"\u00c9vasion au sommet avec le t\u00e9l\u00e9ph\u00e9rique du Faron ? \u00e0 Toulon\" width=\"500\" height=\"281\" src=\"https:\/\/www.youtube.com\/embed\/v2GcRAu21m0?feature=oembed\" frameborder=\"0\" allow=\"accelerometer; autoplay; clipboard-write; encrypted-media; gyroscope; picture-in-picture; web-share\" referrerpolicy=\"strict-origin-when-cross-origin\" allowfullscreen><\/iframe>\n <\/div><\/figure>\n<\/div>\n<\/div>\n<\/section>\n\n<section class=\"wp-block-group alignfull pattern-anchors--timeline has-global-padding is-content-justification-center is-layout-constrained wp-block-group-is-layout-constrained\">\t<div class=\"fsgb-block-anchors is-style-timeline\" data-anchors-type=\"timeline\">\n\t\t<h2 class=\"fsgb-block-anchors__title\"><\/h2>\n\n\t\t<div class=\"fsgb-block-anchors__anchors\">\n\n\t\t\t\t\t\t\t<div class=\"swiper\">\n\t\t\t\t\t<div class=\"swiper-wrapper\">\n\n\t\t\t\t\t\t\t\t\t\t\t\t\t\t\t\t\t\t\t\t\t<div class=\"swiper-slide\">\n\t\t\t\t\t\t\t\t\t<a class=\"fsgb-block-anchor\" href=\"#\u00e9tape1\">\n\t\t\t\t\t\t\t\t\t\t\t\t\t\t\t\t\t\t\t\t\t<span class=\"fsgb-block-anchor__title wp-block-heading is-style-h4\">In the skin of an adventurer<\/span>\n\t\t\t\t\t\t\t\t\t\t\t\t\t\t\t\t\t\t\t<\/a>\n\t\t\t\t\t\t\t\t<\/div>\n\t\t\t\t\t\t\t\t\t\t\t\t\t\t\t\t\t\t\t\t\t\t\t\t\t\t\t\t<div class=\"swiper-slide\">\n\t\t\t\t\t\t\t\t\t<a class=\"fsgb-block-anchor\" href=\"#\u00e9tape2\">\n\t\t\t\t\t\t\t\t\t\t\t\t\t\t\t\t\t\t\t\t\t<span class=\"fsgb-block-anchor__title wp-block-heading is-style-h4\">Crossing the harbour by waterbus<\/span>\n\t\t\t\t\t\t\t\t\t\t\t\t\t\t\t\t\t\t\t<\/a>\n\t\t\t\t\t\t\t\t<\/div>\n\t\t\t\t\t\t\t\t\t\t\t\t\t\t\t\t\t\t\t\t\t\t\t\t\t\t\t\t<div class=\"swiper-slide\">\n\t\t\t\t\t\t\t\t\t<a class=\"fsgb-block-anchor\" href=\"#\u00e9tape3\">\n\t\t\t\t\t\t\t\t\t\t\t\t\t\t\t\t\t\t\t\t\t<span class=\"fsgb-block-anchor__title wp-block-heading is-style-h4\">Lunch break on Toulon harbour<\/span>\n\t\t\t\t\t\t\t\t\t\t\t\t\t\t\t\t\t\t\t<\/a>\n\t\t\t\t\t\t\t\t<\/div>\n\t\t\t\t\t\t\t\t\t\t\t\t\t\t\t\t\t\t\t\t\t\t\t\t\t\t\t\t<div class=\"swiper-slide\">\n\t\t\t\t\t\t\t\t\t<a class=\"fsgb-block-anchor\" href=\"#\u00e9tape4\">\n\t\t\t\t\t\t\t\t\t\t\t\t\t\t\t\t\t\t\t\t\t<span class=\"fsgb-block-anchor__title wp-block-heading is-style-h4\">Toulon cable car, take to the skies!<\/span>\n\t\t\t\t\t\t\t\t\t\t\t\t\t\t\t\t\t\t\t<\/a>\n\t\t\t\t\t\t\t\t<\/div>\n\t\t\t\t\t\t\t\t\t\t\t\t\t\t\t\t\t\t\t\t\t\t\t\t\t\t\t\t<div class=\"swiper-slide\">\n\t\t\t\t\t\t\t\t\t<a class=\"fsgb-block-anchor\" href=\"#\u00e9tape5\">\n\t\t\t\t\t\t\t\t\t\t\t\t\t\t\t\t\t\t\t\t\t<span class=\"fsgb-block-anchor__title wp-block-heading is-style-h4\">M\u00e9morial du D\u00e9barquement en Provence, Toulon<\/span>\n\t\t\t\t\t\t\t\t\t\t\t\t\t\t\t\t\t\t\t<\/a>\n\t\t\t\t\t\t\t\t<\/div>\n\t\t\t\t\t\t\t\t\t\t\t\t\t\t\t\t\t\t\t\t\t\t\t\t\t\t\t\t<div class=\"swiper-slide\">\n\t\t\t\t\t\t\t\t\t<a class=\"fsgb-block-anchor\" href=\"#\u00e9tape6\">\n\t\t\t\t\t\t\t\t\t\t\t\t\t\t\t\t\t\t\t\t\t<span class=\"fsgb-block-anchor__title wp-block-heading is-style-h4\">End of the day on Sablettes beach<\/span>\n\t\t\t\t\t\t\t\t\t\t\t\t\t\t\t\t\t\t\t<\/a>\n\t\t\t\t\t\t\t\t<\/div>\n\t\t\t\t\t\t\t\t\t\t\t\t\t\n\t\t\t\t\t<\/div>\n\n\t\t\t\t\t<div class=\"swiper-pagination\"><\/div>\n\t\t\t\t<\/div>\n\t\t\t\n\t\t<\/div>\n\t<\/div>\n<\/section>\n\n<section class=\"wp-block-group alignfull pattern-text-image--documents has-global-padding is-layout-constrained wp-block-group-is-layout-constrained\">\n<div class=\"wp-block-columns is-layout-flex wp-container-core-columns-is-layout-28f84493 wp-block-columns-is-layout-flex\" id=\"\u00e9tape1\">\n<div class=\"wp-block-column is-vertically-aligned-center pattern-text-image--documents__content is-layout-flow wp-block-column-is-layout-flow\" style=\"flex-basis:50%\">\n<h2 class=\"wp-block-heading\">Fernand Braudel landscaped park<\/h2>\n\n\n\n<p>In the heart of the seafront hamlet of Les Sablettes, the landscaped park links the open sea on one side and the harbor on the other. Family-friendly, it becomes a place for picnics and siestas in the shade of the trees as soon as a few rays of sunshine appear. <\/p>\n\n\n\n<p>&#8211; Nearest <strong>bus <\/strong>stop : ?<a href=\"https:\/\/www.reseaumistral.com\/se-deplacer\/plans\" target=\"_blank\" rel=\"noreferrer noopener\"><strong>Sablettes<\/strong><\/a><br\/>Bus routes: <a href=\"https:\/\/www.reseaumistral.com\/se-deplacer\/lignes\/ligne-bus-2\" target=\"_blank\" rel=\"noreferrer noopener\">2<\/a> &#8211; <a href=\"https:\/\/www.reseaumistral.com\/se-deplacer\/lignes\/ligne-bus-18\" target=\"_blank\" rel=\"noreferrer noopener\">18<\/a> &#8211; <a href=\"https:\/\/www.reseaumistral.com\/se-deplacer\/lignes\/ligne-bus-28\" target=\"_blank\" rel=\"noreferrer noopener\">28<\/a> &#8211; <a href=\"https:\/\/www.reseaumistral.com\/se-deplacer\/lignes\/ligne-bus-83\" target=\"_blank\" rel=\"noreferrer noopener\">83<\/a> &#8211; <a href=\"https:\/\/www.reseaumistral.com\/se-deplacer\/lignes\/ligne-bus-84\" target=\"_blank\" rel=\"noreferrer noopener\">84<\/a><br\/><br\/>&#8211; Nearest <strong>waterbus<\/strong> stop : \u2693<a href=\"https:\/\/www.reseaumistral.com\/se-deplacer\/plans\" target=\"_blank\" rel=\"noopener\"><strong>Ponton Sablettes<\/strong><\/a><br\/>Lines: <a href=\"https:\/\/www.reseaumistral.com\/se-deplacer\/lignes\/ligne-bateaux-bus-18m\" target=\"_blank\" rel=\"noreferrer noopener\">18M <\/a> <\/p>\n<\/div>\n\n\n\n<div class=\"wp-block-column is-vertically-aligned-top pattern-text-image--documents__media is-layout-flow wp-block-column-is-layout-flow\" style=\"flex-basis:50%\">\n<figure data-wp-context=\"{&quot;imageId&quot;:&quot;6a9506f9ec1a9&quot;}\" data-wp-interactive=\"core\/image\" data-wp-key=\"6a9506f9ec1a9\" class=\"wp-block-image size-large wp-lightbox-container\"><img loading=\"lazy\" decoding=\"async\" width=\"1200\" height=\"900\" data-wp-class--hide=\"state.isContentHidden\" data-wp-class--show=\"state.isContentVisible\" data-wp-init=\"callbacks.setButtonStyles\" data-wp-on--click=\"actions.showLightbox\" data-wp-on--load=\"callbacks.setButtonStyles\" data-wp-on-window--resize=\"callbacks.setButtonStyles\" src=\"https:\/\/provence-mediterranee.prep.faire-savoir.eu\/assets\/uploads\/2024\/10\/toulon-la-seyne-les-incontournables-les-sablettes-m2-2-1200x900.jpg\" alt=\"\" class=\"wp-image-51520\" srcset=\"https:\/\/provence-mediterranee.prep.faire-savoir.eu\/assets\/uploads\/2024\/10\/toulon-la-seyne-les-incontournables-les-sablettes-m2-2-1200x900.jpg 1200w, https:\/\/provence-mediterranee.prep.faire-savoir.eu\/assets\/uploads\/2024\/10\/toulon-la-seyne-les-incontournables-les-sablettes-m2-2-800x600.jpg 800w, https:\/\/provence-mediterranee.prep.faire-savoir.eu\/assets\/uploads\/2024\/10\/toulon-la-seyne-les-incontournables-les-sablettes-m2-2-520x390.jpg 520w, https:\/\/provence-mediterranee.prep.faire-savoir.eu\/assets\/uploads\/2024\/10\/toulon-la-seyne-les-incontournables-les-sablettes-m2-2-768x576.jpg 768w, https:\/\/provence-mediterranee.prep.faire-savoir.eu\/assets\/uploads\/2024\/10\/toulon-la-seyne-les-incontournables-les-sablettes-m2-2-1536x1152.jpg 1536w, https:\/\/provence-mediterranee.prep.faire-savoir.eu\/assets\/uploads\/2024\/10\/toulon-la-seyne-les-incontournables-les-sablettes-m2-2.jpg 1920w\" sizes=\"auto, (max-width: 1200px) 100vw, 1200px\" \/><button\n\t\t\tclass=\"lightbox-trigger\"\n\t\t\ttype=\"button\"\n\t\t\taria-haspopup=\"dialog\"\n\t\t\taria-label=\"Enlarge\"\n\t\t\tdata-wp-init=\"callbacks.initTriggerButton\"\n\t\t\tdata-wp-on--click=\"actions.showLightbox\"\n\t\t\tdata-wp-style--right=\"state.imageButtonRight\"\n\t\t\tdata-wp-style--top=\"state.imageButtonTop\"\n\t\t>\n\t\t\t<svg xmlns=\"http:\/\/www.w3.org\/2000\/svg\" width=\"12\" height=\"12\" fill=\"none\" viewBox=\"0 0 12 12\">\n\t\t\t\t<path fill=\"#fff\" d=\"M2 0a2 2 0 0 0-2 2v2h1.5V2a.5.5 0 0 1 .5-.5h2V0H2Zm2 10.5H2a.5.5 0 0 1-.5-.5V8H0v2a2 2 0 0 0 2 2h2v-1.5ZM8 12v-1.5h2a.5.5 0 0 0 .5-.5V8H12v2a2 2 0 0 1-2 2H8Zm2-12a2 2 0 0 1 2 2v2h-1.5V2a.5.5 0 0 0-.5-.5H8V0h2Z\" \/>\n\t\t\t<\/svg>\n\t\t<\/button><\/figure>\n<\/div>\n<\/div>\n<\/section>\n\n<div style=\"height:10px\" aria-hidden=\"true\" class=\"wp-block-spacer\"><\/div>\n\n<section class=\"wp-block-group alignfull pattern-text-image--documents has-global-padding is-layout-constrained wp-block-group-is-layout-constrained\">\n<div class=\"wp-block-columns is-layout-flex wp-container-core-columns-is-layout-28f84493 wp-block-columns-is-layout-flex\" id=\"\u00e9tape2\">\n<div class=\"wp-block-column is-vertically-aligned-top pattern-text-image--documents__media is-layout-flow wp-block-column-is-layout-flow\" style=\"flex-basis:50%\">\n<figure data-wp-context=\"{&quot;imageId&quot;:&quot;6a9506f9ee12d&quot;}\" data-wp-interactive=\"core\/image\" data-wp-key=\"6a9506f9ee12d\" class=\"wp-block-image size-large wp-lightbox-container\"><img loading=\"lazy\" decoding=\"async\" width=\"1200\" height=\"900\" data-wp-class--hide=\"state.isContentHidden\" data-wp-class--show=\"state.isContentVisible\" data-wp-init=\"callbacks.setButtonStyles\" data-wp-on--click=\"actions.showLightbox\" data-wp-on--load=\"callbacks.setButtonStyles\" data-wp-on-window--resize=\"callbacks.setButtonStyles\" src=\"https:\/\/provence-mediterranee.prep.faire-savoir.eu\/assets\/uploads\/2024\/10\/toulon-la-seyne-les-incontournable-rade-base-navale-m1-mistral-1200x900.jpg\" alt=\"\" class=\"wp-image-51466\" srcset=\"https:\/\/provence-mediterranee.prep.faire-savoir.eu\/assets\/uploads\/2024\/10\/toulon-la-seyne-les-incontournable-rade-base-navale-m1-mistral-1200x900.jpg 1200w, https:\/\/provence-mediterranee.prep.faire-savoir.eu\/assets\/uploads\/2024\/10\/toulon-la-seyne-les-incontournable-rade-base-navale-m1-mistral-800x600.jpg 800w, https:\/\/provence-mediterranee.prep.faire-savoir.eu\/assets\/uploads\/2024\/10\/toulon-la-seyne-les-incontournable-rade-base-navale-m1-mistral-520x390.jpg 520w, https:\/\/provence-mediterranee.prep.faire-savoir.eu\/assets\/uploads\/2024\/10\/toulon-la-seyne-les-incontournable-rade-base-navale-m1-mistral-768x576.jpg 768w, https:\/\/provence-mediterranee.prep.faire-savoir.eu\/assets\/uploads\/2024\/10\/toulon-la-seyne-les-incontournable-rade-base-navale-m1-mistral-1536x1152.jpg 1536w, https:\/\/provence-mediterranee.prep.faire-savoir.eu\/assets\/uploads\/2024\/10\/toulon-la-seyne-les-incontournable-rade-base-navale-m1-mistral.jpg 1920w\" sizes=\"auto, (max-width: 1200px) 100vw, 1200px\" \/><button\n\t\t\tclass=\"lightbox-trigger\"\n\t\t\ttype=\"button\"\n\t\t\taria-haspopup=\"dialog\"\n\t\t\taria-label=\"Enlarge\"\n\t\t\tdata-wp-init=\"callbacks.initTriggerButton\"\n\t\t\tdata-wp-on--click=\"actions.showLightbox\"\n\t\t\tdata-wp-style--right=\"state.imageButtonRight\"\n\t\t\tdata-wp-style--top=\"state.imageButtonTop\"\n\t\t>\n\t\t\t<svg xmlns=\"http:\/\/www.w3.org\/2000\/svg\" width=\"12\" height=\"12\" fill=\"none\" viewBox=\"0 0 12 12\">\n\t\t\t\t<path fill=\"#fff\" d=\"M2 0a2 2 0 0 0-2 2v2h1.5V2a.5.5 0 0 1 .5-.5h2V0H2Zm2 10.5H2a.5.5 0 0 1-.5-.5V8H0v2a2 2 0 0 0 2 2h2v-1.5ZM8 12v-1.5h2a.5.5 0 0 0 .5-.5V8H12v2a2 2 0 0 1-2 2H8Zm2-12a2 2 0 0 1 2 2v2h-1.5V2a.5.5 0 0 0-.5-.5H8V0h2Z\" \/>\n\t\t\t<\/svg>\n\t\t<\/button><\/figure>\n<\/div>\n\n\n\n<div class=\"wp-block-column is-vertically-aligned-center pattern-text-image--documents__content is-layout-flow wp-block-column-is-layout-flow\" style=\"flex-basis:50%\">\n<h2 class=\"wp-block-heading\">Cross the harbor by waterbus<\/h2>\n\n\n\n<p>In Provence M\u00e9diterran\u00e9e, there&#8217;s no metro, and public transport is (also) by boat! To get from Les Sablettes to Toulon, take the Mistral shuttle service. Sail into the Bay of Tamaris, past the picturesque shellfish huts and fortifications that surround the Toulon roadstead, before reaching the port of Toulon in just a few minutes.  <\/p>\n\n\n\n<p>&#8211; Nearest <strong>waterbus<\/strong> stop : \u2693<a href=\"https:\/\/www.reseaumistral.com\/se-deplacer\/plans\" target=\"_blank\" rel=\"noopener\"><strong>Ponton Sablettes<\/strong><\/a><br\/>Lines: <a href=\"https:\/\/www.reseaumistral.com\/se-deplacer\/lignes\/ligne-bateaux-bus-18m\" target=\"_blank\" rel=\"noreferrer noopener\">18M<\/a> <\/p>\n<\/div>\n<\/div>\n<\/section>\n\n<div style=\"height:10px\" aria-hidden=\"true\" class=\"wp-block-spacer\"><\/div>\n\n<section class=\"wp-block-group alignfull pattern-text-image--documents has-global-padding is-layout-constrained wp-block-group-is-layout-constrained\">\n<div class=\"wp-block-columns is-layout-flex wp-container-core-columns-is-layout-28f84493 wp-block-columns-is-layout-flex\" id=\"\u00e9tape3\">\n<div class=\"wp-block-column is-vertically-aligned-center pattern-text-image--documents__content is-layout-flow wp-block-column-is-layout-flow\" style=\"flex-basis:50%\">\n<h2 class=\"wp-block-heading\">Lunch break on Toulon harbour<\/h2>\n\n\n\n<p>Steeped in history, Toulon&#8217;s harbor is the ideal place to enjoy a lunch break after a morning in the Seine. Between pleasure boats, cruise ships and traditional &#8220;pointus&#8221;, enjoy the warm atmosphere of the sunny terraces. <\/p>\n\n\n\n<p>&#8211; Nearest <strong>bus <\/strong>stop : ?<a href=\"https:\/\/www.reseaumistral.com\/se-deplacer\/plans\" target=\"_blank\" rel=\"noreferrer noopener\"> <strong>Maritime station<\/strong><\/a><br\/>Lines: <a href=\"https:\/\/www.reseaumistral.com\/se-deplacer\/lignes\/ligne-bus-3\" target=\"_blank\" rel=\"noopener\">3<\/a> &#8211; <a href=\"https:\/\/www.reseaumistral.com\/se-deplacer\/lignes\/ligne-bus-6\" target=\"_blank\" rel=\"noopener\">6<\/a> &#8211; <a href=\"https:\/\/www.reseaumistral.com\/se-deplacer\/lignes\/ligne-bus-23\" target=\"_blank\" rel=\"noopener\">23<\/a> &#8211; <a href=\"https:\/\/www.reseaumistral.com\/se-deplacer\/lignes\/ligne-bus-40\" target=\"_blank\" rel=\"noopener\">40<\/a><br\/><br\/>&#8211; Nearest <strong>waterbus<\/strong> stop : \u2693<a href=\"https:\/\/www.reseaumistral.com\/se-deplacer\/plans\" target=\"_blank\" rel=\"noopener\"><strong>Ponton Toulon<\/strong><\/a><br\/>Lines: <a href=\"https:\/\/www.reseaumistral.com\/se-deplacer\/lignes\/ligne-bateaux-bus-8m\" target=\"_blank\" rel=\"noreferrer noopener\">8M<\/a> &#8211; <a href=\"https:\/\/www.reseaumistral.com\/se-deplacer\/lignes\/ligne-bateaux-bus-18m\" target=\"_blank\" rel=\"noreferrer noopener\">18M<\/a> &#8211; <a href=\"https:\/\/www.reseaumistral.com\/se-deplacer\/lignes\/ligne-bateaux-bus-28m\" target=\"_blank\" rel=\"noreferrer noopener\">28M<\/a><\/p>\n<\/div>\n\n\n\n<div class=\"wp-block-column is-vertically-aligned-top pattern-text-image--documents__media is-layout-flow wp-block-column-is-layout-flow\" style=\"flex-basis:50%\">\n<figure data-wp-context=\"{&quot;imageId&quot;:&quot;6a9506f9ef58f&quot;}\" data-wp-interactive=\"core\/image\" data-wp-key=\"6a9506f9ef58f\" class=\"wp-block-image size-large wp-lightbox-container\"><img loading=\"lazy\" decoding=\"async\" width=\"1200\" height=\"900\" data-wp-class--hide=\"state.isContentHidden\" data-wp-class--show=\"state.isContentVisible\" data-wp-init=\"callbacks.setButtonStyles\" data-wp-on--click=\"actions.showLightbox\" data-wp-on--load=\"callbacks.setButtonStyles\" data-wp-on-window--resize=\"callbacks.setButtonStyles\" src=\"https:\/\/provence-mediterranee.prep.faire-savoir.eu\/assets\/uploads\/2024\/10\/12-villes-toulon-la-rade-1200x900.jpg\" alt=\"\" class=\"wp-image-51523\" srcset=\"https:\/\/provence-mediterranee.prep.faire-savoir.eu\/assets\/uploads\/2024\/10\/12-villes-toulon-la-rade-1200x900.jpg 1200w, https:\/\/provence-mediterranee.prep.faire-savoir.eu\/assets\/uploads\/2024\/10\/12-villes-toulon-la-rade-800x600.jpg 800w, https:\/\/provence-mediterranee.prep.faire-savoir.eu\/assets\/uploads\/2024\/10\/12-villes-toulon-la-rade-520x390.jpg 520w, https:\/\/provence-mediterranee.prep.faire-savoir.eu\/assets\/uploads\/2024\/10\/12-villes-toulon-la-rade-768x576.jpg 768w, https:\/\/provence-mediterranee.prep.faire-savoir.eu\/assets\/uploads\/2024\/10\/12-villes-toulon-la-rade-1536x1152.jpg 1536w, https:\/\/provence-mediterranee.prep.faire-savoir.eu\/assets\/uploads\/2024\/10\/12-villes-toulon-la-rade.jpg 1920w\" sizes=\"auto, (max-width: 1200px) 100vw, 1200px\" \/><button\n\t\t\tclass=\"lightbox-trigger\"\n\t\t\ttype=\"button\"\n\t\t\taria-haspopup=\"dialog\"\n\t\t\taria-label=\"Enlarge\"\n\t\t\tdata-wp-init=\"callbacks.initTriggerButton\"\n\t\t\tdata-wp-on--click=\"actions.showLightbox\"\n\t\t\tdata-wp-style--right=\"state.imageButtonRight\"\n\t\t\tdata-wp-style--top=\"state.imageButtonTop\"\n\t\t>\n\t\t\t<svg xmlns=\"http:\/\/www.w3.org\/2000\/svg\" width=\"12\" height=\"12\" fill=\"none\" viewBox=\"0 0 12 12\">\n\t\t\t\t<path fill=\"#fff\" d=\"M2 0a2 2 0 0 0-2 2v2h1.5V2a.5.5 0 0 1 .5-.5h2V0H2Zm2 10.5H2a.5.5 0 0 1-.5-.5V8H0v2a2 2 0 0 0 2 2h2v-1.5ZM8 12v-1.5h2a.5.5 0 0 0 .5-.5V8H12v2a2 2 0 0 1-2 2H8Zm2-12a2 2 0 0 1 2 2v2h-1.5V2a.5.5 0 0 0-.5-.5H8V0h2Z\" \/>\n\t\t\t<\/svg>\n\t\t<\/button><\/figure>\n<\/div>\n<\/div>\n<\/section>\n\n<div style=\"height:10px\" aria-hidden=\"true\" class=\"wp-block-spacer\"><\/div>\n\n<section class=\"wp-block-group alignfull pattern-text-image--documents has-global-padding is-layout-constrained wp-block-group-is-layout-constrained\">\n<div class=\"wp-block-columns is-layout-flex wp-container-core-columns-is-layout-28f84493 wp-block-columns-is-layout-flex\" id=\"\u00e9tape4\">\n<div class=\"wp-block-column is-vertically-aligned-top pattern-text-image--documents__media is-layout-flow wp-block-column-is-layout-flow\" style=\"flex-basis:50%\">\n<figure data-wp-context=\"{&quot;imageId&quot;:&quot;6a9506f9efedb&quot;}\" data-wp-interactive=\"core\/image\" data-wp-key=\"6a9506f9efedb\" class=\"wp-block-image size-large wp-lightbox-container\"><img loading=\"lazy\" decoding=\"async\" width=\"1200\" height=\"900\" data-wp-class--hide=\"state.isContentHidden\" data-wp-class--show=\"state.isContentVisible\" data-wp-init=\"callbacks.setButtonStyles\" data-wp-on--click=\"actions.showLightbox\" data-wp-on--load=\"callbacks.setButtonStyles\" data-wp-on-window--resize=\"callbacks.setButtonStyles\" src=\"https:\/\/provence-mediterranee.prep.faire-savoir.eu\/assets\/uploads\/2024\/10\/12-villes-toulon-le-faron-1200x900.jpg\" alt=\"\" class=\"wp-image-51526\" srcset=\"https:\/\/provence-mediterranee.prep.faire-savoir.eu\/assets\/uploads\/2024\/10\/12-villes-toulon-le-faron-1200x900.jpg 1200w, https:\/\/provence-mediterranee.prep.faire-savoir.eu\/assets\/uploads\/2024\/10\/12-villes-toulon-le-faron-800x600.jpg 800w, https:\/\/provence-mediterranee.prep.faire-savoir.eu\/assets\/uploads\/2024\/10\/12-villes-toulon-le-faron-520x390.jpg 520w, https:\/\/provence-mediterranee.prep.faire-savoir.eu\/assets\/uploads\/2024\/10\/12-villes-toulon-le-faron-768x576.jpg 768w, https:\/\/provence-mediterranee.prep.faire-savoir.eu\/assets\/uploads\/2024\/10\/12-villes-toulon-le-faron-1536x1152.jpg 1536w, https:\/\/provence-mediterranee.prep.faire-savoir.eu\/assets\/uploads\/2024\/10\/12-villes-toulon-le-faron.jpg 1920w\" sizes=\"auto, (max-width: 1200px) 100vw, 1200px\" \/><button\n\t\t\tclass=\"lightbox-trigger\"\n\t\t\ttype=\"button\"\n\t\t\taria-haspopup=\"dialog\"\n\t\t\taria-label=\"Enlarge\"\n\t\t\tdata-wp-init=\"callbacks.initTriggerButton\"\n\t\t\tdata-wp-on--click=\"actions.showLightbox\"\n\t\t\tdata-wp-style--right=\"state.imageButtonRight\"\n\t\t\tdata-wp-style--top=\"state.imageButtonTop\"\n\t\t>\n\t\t\t<svg xmlns=\"http:\/\/www.w3.org\/2000\/svg\" width=\"12\" height=\"12\" fill=\"none\" viewBox=\"0 0 12 12\">\n\t\t\t\t<path fill=\"#fff\" d=\"M2 0a2 2 0 0 0-2 2v2h1.5V2a.5.5 0 0 1 .5-.5h2V0H2Zm2 10.5H2a.5.5 0 0 1-.5-.5V8H0v2a2 2 0 0 0 2 2h2v-1.5ZM8 12v-1.5h2a.5.5 0 0 0 .5-.5V8H12v2a2 2 0 0 1-2 2H8Zm2-12a2 2 0 0 1 2 2v2h-1.5V2a.5.5 0 0 0-.5-.5H8V0h2Z\" \/>\n\t\t\t<\/svg>\n\t\t<\/button><\/figure>\n<\/div>\n\n\n\n<div class=\"wp-block-column is-vertically-aligned-center pattern-text-image--documents__content is-layout-flow wp-block-column-is-layout-flow\" style=\"flex-basis:50%\">\n<h2 class=\"wp-block-heading\">Toulon cable car, take to the skies!<\/h2>\n\n\n\n<p>Unique on the Mediterranean coast, the cable car is one of Toulon&#8217;s landmarks.\nTo reach the summit of Mount Faron, aboard the little red cabin, you fly over the immensity of the city and the harbor, the slopes of limestone and pine forest.  Please note: the cable car is open from mid-February to mid-November.<\/p>\n\n\n\n<p>&#8211; Nearest bus stop : <a href=\"https:\/\/www.reseaumistral.com\/se-deplacer\/plans\" target=\"_blank\" rel=\"noreferrer noopener\">? <strong>Cable car<\/strong><\/a><\/p>\n\n\n\n<p>&#8211; Line: <a href=\"https:\/\/www.reseaumistral.com\/se-deplacer\/lignes\/ligne-bus-40\" target=\"_blank\" rel=\"noreferrer noopener\">40<\/a><\/p>\n<\/div>\n<\/div>\n<\/section>\n\n<div style=\"height:10px\" aria-hidden=\"true\" class=\"wp-block-spacer\"><\/div>\n\n<section class=\"wp-block-group alignfull pattern-text-image--documents has-global-padding is-layout-constrained wp-block-group-is-layout-constrained\">\n<div class=\"wp-block-columns is-layout-flex wp-container-core-columns-is-layout-28f84493 wp-block-columns-is-layout-flex\" id=\"\u00e9tape5\">\n<div class=\"wp-block-column is-vertically-aligned-center pattern-text-image--documents__content is-layout-flow wp-block-column-is-layout-flow\" style=\"flex-basis:50%\">\n<h2 class=\"wp-block-heading\">M\u00e9morial du D\u00e9barquement en Provence in Toulon<\/h2>\n\n\n\n<p>Located in the Beaumont Tower at the summit of the Faron mountain, the D-Day memorial retraces the key events that marked this decisive moment in the Second World War.<\/p>\n\n\n\n<p>&#8211; Nearest cable car stop : <a href=\"https:\/\/www.reseaumistral.com\/se-deplacer\/plans\" target=\"_blank\" rel=\"noreferrer noopener\">? <strong>High station<\/strong><\/a><\/p>\n\n\n\n<p>&#8211; Line: T<\/p>\n<\/div>\n\n\n\n<div class=\"wp-block-column is-vertically-aligned-top pattern-text-image--documents__media is-layout-flow wp-block-column-is-layout-flow\" style=\"flex-basis:50%\">\n<figure data-wp-context=\"{&quot;imageId&quot;:&quot;6a9506f9f143a&quot;}\" data-wp-interactive=\"core\/image\" data-wp-key=\"6a9506f9f143a\" class=\"wp-block-image size-large wp-lightbox-container\"><img loading=\"lazy\" decoding=\"async\" width=\"1200\" height=\"900\" data-wp-class--hide=\"state.isContentHidden\" data-wp-class--show=\"state.isContentVisible\" data-wp-init=\"callbacks.setButtonStyles\" data-wp-on--click=\"actions.showLightbox\" data-wp-on--load=\"callbacks.setButtonStyles\" data-wp-on-window--resize=\"callbacks.setButtonStyles\" src=\"https:\/\/provence-mediterranee.prep.faire-savoir.eu\/assets\/uploads\/2024\/10\/toulon-la-seyne-nos-incontournables-mont-faron-telepherique-memorail-du-debarquement-a2-j-730-1-1200x900.jpg\" alt=\"\" class=\"wp-image-51529\" srcset=\"https:\/\/provence-mediterranee.prep.faire-savoir.eu\/assets\/uploads\/2024\/10\/toulon-la-seyne-nos-incontournables-mont-faron-telepherique-memorail-du-debarquement-a2-j-730-1-1200x900.jpg 1200w, https:\/\/provence-mediterranee.prep.faire-savoir.eu\/assets\/uploads\/2024\/10\/toulon-la-seyne-nos-incontournables-mont-faron-telepherique-memorail-du-debarquement-a2-j-730-1-800x600.jpg 800w, https:\/\/provence-mediterranee.prep.faire-savoir.eu\/assets\/uploads\/2024\/10\/toulon-la-seyne-nos-incontournables-mont-faron-telepherique-memorail-du-debarquement-a2-j-730-1-520x390.jpg 520w, https:\/\/provence-mediterranee.prep.faire-savoir.eu\/assets\/uploads\/2024\/10\/toulon-la-seyne-nos-incontournables-mont-faron-telepherique-memorail-du-debarquement-a2-j-730-1-768x576.jpg 768w, https:\/\/provence-mediterranee.prep.faire-savoir.eu\/assets\/uploads\/2024\/10\/toulon-la-seyne-nos-incontournables-mont-faron-telepherique-memorail-du-debarquement-a2-j-730-1-1536x1152.jpg 1536w, https:\/\/provence-mediterranee.prep.faire-savoir.eu\/assets\/uploads\/2024\/10\/toulon-la-seyne-nos-incontournables-mont-faron-telepherique-memorail-du-debarquement-a2-j-730-1.jpg 1920w\" sizes=\"auto, (max-width: 1200px) 100vw, 1200px\" \/><button\n\t\t\tclass=\"lightbox-trigger\"\n\t\t\ttype=\"button\"\n\t\t\taria-haspopup=\"dialog\"\n\t\t\taria-label=\"Enlarge\"\n\t\t\tdata-wp-init=\"callbacks.initTriggerButton\"\n\t\t\tdata-wp-on--click=\"actions.showLightbox\"\n\t\t\tdata-wp-style--right=\"state.imageButtonRight\"\n\t\t\tdata-wp-style--top=\"state.imageButtonTop\"\n\t\t>\n\t\t\t<svg xmlns=\"http:\/\/www.w3.org\/2000\/svg\" width=\"12\" height=\"12\" fill=\"none\" viewBox=\"0 0 12 12\">\n\t\t\t\t<path fill=\"#fff\" d=\"M2 0a2 2 0 0 0-2 2v2h1.5V2a.5.5 0 0 1 .5-.5h2V0H2Zm2 10.5H2a.5.5 0 0 1-.5-.5V8H0v2a2 2 0 0 0 2 2h2v-1.5ZM8 12v-1.5h2a.5.5 0 0 0 .5-.5V8H12v2a2 2 0 0 1-2 2H8Zm2-12a2 2 0 0 1 2 2v2h-1.5V2a.5.5 0 0 0-.5-.5H8V0h2Z\" \/>\n\t\t\t<\/svg>\n\t\t<\/button><\/figure>\n<\/div>\n<\/div>\n<\/section>\n\n<section class=\"wp-block-group alignfull pattern-text-image--documents has-global-padding is-layout-constrained wp-block-group-is-layout-constrained\">\n<div class=\"wp-block-columns is-layout-flex wp-container-core-columns-is-layout-28f84493 wp-block-columns-is-layout-flex\" id=\"\u00e9tape6\">\n<div class=\"wp-block-column is-vertically-aligned-top pattern-text-image--documents__media is-layout-flow wp-block-column-is-layout-flow\" style=\"flex-basis:50%\">\n<figure data-wp-context=\"{&quot;imageId&quot;:&quot;6a9506f9f1d3e&quot;}\" data-wp-interactive=\"core\/image\" data-wp-key=\"6a9506f9f1d3e\" class=\"wp-block-image size-large wp-lightbox-container\"><img loading=\"lazy\" decoding=\"async\" width=\"1200\" height=\"900\" data-wp-class--hide=\"state.isContentHidden\" data-wp-class--show=\"state.isContentVisible\" data-wp-init=\"callbacks.setButtonStyles\" data-wp-on--click=\"actions.showLightbox\" data-wp-on--load=\"callbacks.setButtonStyles\" data-wp-on-window--resize=\"callbacks.setButtonStyles\" src=\"https:\/\/provence-mediterranee.prep.faire-savoir.eu\/assets\/uploads\/2024\/10\/toulon-la-seyne-les-incontournables-les-sablettes-m5-2-1200x900.jpg\" alt=\"\" class=\"wp-image-51533\" srcset=\"https:\/\/provence-mediterranee.prep.faire-savoir.eu\/assets\/uploads\/2024\/10\/toulon-la-seyne-les-incontournables-les-sablettes-m5-2-1200x900.jpg 1200w, https:\/\/provence-mediterranee.prep.faire-savoir.eu\/assets\/uploads\/2024\/10\/toulon-la-seyne-les-incontournables-les-sablettes-m5-2-800x600.jpg 800w, https:\/\/provence-mediterranee.prep.faire-savoir.eu\/assets\/uploads\/2024\/10\/toulon-la-seyne-les-incontournables-les-sablettes-m5-2-520x390.jpg 520w, https:\/\/provence-mediterranee.prep.faire-savoir.eu\/assets\/uploads\/2024\/10\/toulon-la-seyne-les-incontournables-les-sablettes-m5-2-768x576.jpg 768w, https:\/\/provence-mediterranee.prep.faire-savoir.eu\/assets\/uploads\/2024\/10\/toulon-la-seyne-les-incontournables-les-sablettes-m5-2-1536x1152.jpg 1536w, https:\/\/provence-mediterranee.prep.faire-savoir.eu\/assets\/uploads\/2024\/10\/toulon-la-seyne-les-incontournables-les-sablettes-m5-2.jpg 1920w\" sizes=\"auto, (max-width: 1200px) 100vw, 1200px\" \/><button\n\t\t\tclass=\"lightbox-trigger\"\n\t\t\ttype=\"button\"\n\t\t\taria-haspopup=\"dialog\"\n\t\t\taria-label=\"Enlarge\"\n\t\t\tdata-wp-init=\"callbacks.initTriggerButton\"\n\t\t\tdata-wp-on--click=\"actions.showLightbox\"\n\t\t\tdata-wp-style--right=\"state.imageButtonRight\"\n\t\t\tdata-wp-style--top=\"state.imageButtonTop\"\n\t\t>\n\t\t\t<svg xmlns=\"http:\/\/www.w3.org\/2000\/svg\" width=\"12\" height=\"12\" fill=\"none\" viewBox=\"0 0 12 12\">\n\t\t\t\t<path fill=\"#fff\" d=\"M2 0a2 2 0 0 0-2 2v2h1.5V2a.5.5 0 0 1 .5-.5h2V0H2Zm2 10.5H2a.5.5 0 0 1-.5-.5V8H0v2a2 2 0 0 0 2 2h2v-1.5ZM8 12v-1.5h2a.5.5 0 0 0 .5-.5V8H12v2a2 2 0 0 1-2 2H8Zm2-12a2 2 0 0 1 2 2v2h-1.5V2a.5.5 0 0 0-.5-.5H8V0h2Z\" \/>\n\t\t\t<\/svg>\n\t\t<\/button><\/figure>\n<\/div>\n\n\n\n<div class=\"wp-block-column is-vertically-aligned-center pattern-text-image--documents__content is-layout-flow wp-block-column-is-layout-flow\" style=\"flex-basis:50%\">\n<h2 class=\"wp-block-heading\">End of the day on Sablettes beach<\/h2>\n\n\n\n<p>After your stopover at Le Faron, take the n\u00b040 bus to the port to reach the pier and return to Les Sablettes.<\/p>\n\n\n\n<p>&#8211; Nearest bus stop : <a href=\"https:\/\/www.reseaumistral.com\/se-deplacer\/plans\" target=\"_blank\" rel=\"noreferrer noopener\">? <strong>Sablettes<\/strong><\/a><\/p>\n\n\n\n<p>&#8211; Lines: <a href=\"https:\/\/www.reseaumistral.com\/se-deplacer\/lignes\/ligne-bus-2\" target=\"_blank\" rel=\"noreferrer noopener\">2<\/a> &#8211;<a href=\"https:\/\/www.reseaumistral.com\/se-deplacer\/lignes\/ligne-bus-18\" target=\"_blank\" rel=\"noopener\">1<\/a><a href=\"https:\/\/www.reseaumistral.com\/se-deplacer\/lignes\/ligne-bus-18\" target=\"_blank\" rel=\"noreferrer noopener\">8<\/a> &#8211; <a href=\"https:\/\/www.reseaumistral.com\/se-deplacer\/lignes\/ligne-bus-28\" target=\"_blank\" rel=\"noreferrer noopener\">28<\/a> &#8211; <a href=\"https:\/\/www.reseaumistral.com\/se-deplacer\/lignes\/ligne-bus-83\" target=\"_blank\" rel=\"noreferrer noopener\">83<\/a> &#8211; <a href=\"https:\/\/www.reseaumistral.com\/se-deplacer\/lignes\/ligne-bus-84\" target=\"_blank\" rel=\"noreferrer noopener\">84<\/a><\/p>\n<\/div>\n<\/div>\n<\/section>\n\n<div style=\"height:10px\" aria-hidden=\"true\" class=\"wp-block-spacer\"><\/div>\n\n<section class=\"wp-block-group alignfull pattern-text-map has-global-padding is-layout-constrained wp-block-group-is-layout-constrained\">\n<div class=\"wp-block-columns are-vertically-aligned-center is-layout-flex wp-container-core-columns-is-layout-28f84493 wp-block-columns-is-layout-flex\">\n<div class=\"wp-block-column is-vertically-aligned-center pattern-text-map__content is-layout-flow wp-block-column-is-layout-flow\" style=\"flex-basis:47%\">\n<h2 class=\"wp-block-heading has-text-align-center\">Your day trip from La Seyne-sur-Mer to Toulon<\/h2>\n\n\n\n<p class=\"has-text-align-center\">Bus, waterbus, cable car: the points of interest detailed in this suggested day trip are easily accessible and require very little walking between them.  <br\/>Please note, however, that the cable car is open from mid-February to mid-November. During its closed season, the Provence Landing Memorial remains open, but is only accessible by road, by car. <\/p>\n<\/div>\n\n\n\n<div class=\"wp-block-column is-vertically-aligned-center pattern-text-map__map is-layout-flow wp-block-column-is-layout-flow\" style=\"flex-basis:53%\">\t<div id=\"map_8659ca08d32a17392346e75516af852b\" class=\"fsgb-block-leaflet-map leaflet-map\" >\n\t\t<input type=\"hidden\" name=\"leaflet-map-settings\" data-value='{&quot;id&quot;:&quot;map_8659ca08d32a17392346e75516af852b&quot;,&quot;latitude&quot;:&quot;43.1235&quot;,&quot;longitude&quot;:&quot;5.9789&quot;,&quot;zoom&quot;:&quot;12&quot;,&quot;scrollWheelZoom&quot;:false,&quot;layer&quot;:&quot;openstreetmap&quot;,&quot;fit_bounds&quot;:true,&quot;cluster&quot;:null,&quot;markers&quot;:[{&quot;fsgb_leaflet_map_marker_latitude&quot;:&quot;43.079200744628906&quot;,&quot;fsgb_leaflet_map_marker_longitude&quot;:&quot;5.895076751708984&quot;,&quot;fsgb_leaflet_map_marker_anchor&quot;:&quot;\\u00e9tape1&quot;,&quot;fsgb_leaflet_map_marker_media&quot;:false,&quot;fsgb_leaflet_map_marker_title&quot;:&quot;&quot;,&quot;fsgb_leaflet_map_marker_text&quot;:&quot;&quot;,&quot;fsgb_leaflet_map_marker_link&quot;:&quot;&quot;,&quot;fsgb_leaflet_map_marker_style&quot;:&quot;basic&quot;,&quot;fsgb_leaflet_map_marker_numbering&quot;:true,&quot;fsgb_leaflet_map_marker_color&quot;:&quot;&quot;,&quot;fsgb_leaflet_map_marker_picto&quot;:false,&quot;popup_content&quot;:&quot;&quot;,&quot;is_draggable&quot;:false},{&quot;fsgb_leaflet_map_marker_latitude&quot;:&quot;43.079916&quot;,&quot;fsgb_leaflet_map_marker_longitude&quot;:&quot;5.898943&quot;,&quot;fsgb_leaflet_map_marker_anchor&quot;:&quot;5.8929465&quot;,&quot;fsgb_leaflet_map_marker_media&quot;:false,&quot;fsgb_leaflet_map_marker_title&quot;:&quot;&quot;,&quot;fsgb_leaflet_map_marker_text&quot;:&quot;&quot;,&quot;fsgb_leaflet_map_marker_link&quot;:&quot;&quot;,&quot;fsgb_leaflet_map_marker_style&quot;:&quot;basic&quot;,&quot;fsgb_leaflet_map_marker_numbering&quot;:true,&quot;fsgb_leaflet_map_marker_color&quot;:&quot;&quot;,&quot;fsgb_leaflet_map_marker_picto&quot;:false,&quot;popup_content&quot;:&quot;&quot;,&quot;is_draggable&quot;:false},{&quot;fsgb_leaflet_map_marker_latitude&quot;:&quot;43.119801&quot;,&quot;fsgb_leaflet_map_marker_longitude&quot;:&quot;5.9323571&quot;,&quot;fsgb_leaflet_map_marker_anchor&quot;:&quot;\\u00e9tape3&quot;,&quot;fsgb_leaflet_map_marker_media&quot;:false,&quot;fsgb_leaflet_map_marker_title&quot;:&quot;&quot;,&quot;fsgb_leaflet_map_marker_text&quot;:&quot;&quot;,&quot;fsgb_leaflet_map_marker_link&quot;:&quot;&quot;,&quot;fsgb_leaflet_map_marker_style&quot;:&quot;basic&quot;,&quot;fsgb_leaflet_map_marker_numbering&quot;:true,&quot;fsgb_leaflet_map_marker_color&quot;:&quot;&quot;,&quot;fsgb_leaflet_map_marker_picto&quot;:false,&quot;popup_content&quot;:&quot;&quot;,&quot;is_draggable&quot;:false},{&quot;fsgb_leaflet_map_marker_latitude&quot;:&quot;43.1373405456543&quot;,&quot;fsgb_leaflet_map_marker_longitude&quot;:&quot;5.930796146392822&quot;,&quot;fsgb_leaflet_map_marker_anchor&quot;:&quot;\\u00e9tape4&quot;,&quot;fsgb_leaflet_map_marker_media&quot;:false,&quot;fsgb_leaflet_map_marker_title&quot;:&quot;&quot;,&quot;fsgb_leaflet_map_marker_text&quot;:&quot;&quot;,&quot;fsgb_leaflet_map_marker_link&quot;:&quot;&quot;,&quot;fsgb_leaflet_map_marker_style&quot;:&quot;basic&quot;,&quot;fsgb_leaflet_map_marker_numbering&quot;:true,&quot;fsgb_leaflet_map_marker_color&quot;:&quot;&quot;,&quot;fsgb_leaflet_map_marker_picto&quot;:false,&quot;popup_content&quot;:&quot;&quot;,&quot;is_draggable&quot;:false},{&quot;fsgb_leaflet_map_marker_latitude&quot;:&quot;43.1494366&quot;,&quot;fsgb_leaflet_map_marker_longitude&quot;:&quot;5.9454609&quot;,&quot;fsgb_leaflet_map_marker_anchor&quot;:&quot;\\u00e9tape5&quot;,&quot;fsgb_leaflet_map_marker_media&quot;:false,&quot;fsgb_leaflet_map_marker_title&quot;:&quot;&quot;,&quot;fsgb_leaflet_map_marker_text&quot;:&quot;&quot;,&quot;fsgb_leaflet_map_marker_link&quot;:&quot;&quot;,&quot;fsgb_leaflet_map_marker_style&quot;:&quot;basic&quot;,&quot;fsgb_leaflet_map_marker_numbering&quot;:true,&quot;fsgb_leaflet_map_marker_color&quot;:&quot;&quot;,&quot;fsgb_leaflet_map_marker_picto&quot;:false,&quot;popup_content&quot;:&quot;&quot;,&quot;is_draggable&quot;:false},{&quot;fsgb_leaflet_map_marker_latitude&quot;:&quot;43.0781443&quot;,&quot;fsgb_leaflet_map_marker_longitude&quot;:&quot;5.8972764&quot;,&quot;fsgb_leaflet_map_marker_anchor&quot;:&quot;\\u00e9tape6&quot;,&quot;fsgb_leaflet_map_marker_media&quot;:false,&quot;fsgb_leaflet_map_marker_title&quot;:&quot;&quot;,&quot;fsgb_leaflet_map_marker_text&quot;:&quot;&quot;,&quot;fsgb_leaflet_map_marker_link&quot;:&quot;&quot;,&quot;fsgb_leaflet_map_marker_style&quot;:&quot;basic&quot;,&quot;fsgb_leaflet_map_marker_numbering&quot;:true,&quot;fsgb_leaflet_map_marker_color&quot;:&quot;&quot;,&quot;fsgb_leaflet_map_marker_picto&quot;:false,&quot;popup_content&quot;:&quot;&quot;,&quot;is_draggable&quot;:false},{&quot;fsgb_leaflet_map_marker_latitude&quot;:&quot;43.0800666809082&quot;,&quot;fsgb_leaflet_map_marker_longitude&quot;:&quot;5.894118309020996&quot;,&quot;fsgb_leaflet_map_marker_anchor&quot;:&quot;\\u00e9tape7&quot;,&quot;fsgb_leaflet_map_marker_media&quot;:false,&quot;fsgb_leaflet_map_marker_title&quot;:&quot;&quot;,&quot;fsgb_leaflet_map_marker_text&quot;:&quot;&quot;,&quot;fsgb_leaflet_map_marker_link&quot;:&quot;&quot;,&quot;fsgb_leaflet_map_marker_style&quot;:&quot;basic&quot;,&quot;fsgb_leaflet_map_marker_numbering&quot;:true,&quot;fsgb_leaflet_map_marker_color&quot;:&quot;&quot;,&quot;fsgb_leaflet_map_marker_picto&quot;:false,&quot;popup_content&quot;:&quot;&quot;,&quot;is_draggable&quot;:false}],&quot;iconSize&quot;:[40,50],&quot;iconAnchor&quot;:[20,50],&quot;popupAnchor&quot;:[0,-50],&quot;marker_html&quot;:&quot;&lt;svg xmlns=\\&quot;http:\\\/\\\/www.w3.org\\\/2000\\\/svg\\&quot; viewBox=\\&quot;0 0 40 50\\&quot;&gt;&lt;path d=\\&quot;M20 1.5c-5.038.003-9.87 2.044-13.432 5.674C3.006 10.804 1.003 15.726 1 20.859 1 33.583 13.35 39.69 14.905 41.098a16.7 16.7 0 013.42 6.53c.088.39.303.738.61.987a1.717 1.717 0 002.164 0 1.78 1.78 0 00.611-.988 16.36 16.36 0 013.42-6.529C26.65 39.69 39 33.583 39 20.859c0-5.134-2.002-10.058-5.565-13.689C29.872 3.54 25.039 1.5 20 1.5h0zm0 24.639a5.114 5.114 0 01-2.879-.89 5.26 5.26 0 01-1.908-2.37 5.372 5.372 0 01-.295-3.05 5.31 5.31 0 011.418-2.703 5.152 5.152 0 012.653-1.445 5.092 5.092 0 012.994.3 5.204 5.204 0 012.326 1.945 5.384 5.384 0 01.48 4.955 5.28 5.28 0 01-1.123 1.713 5.17 5.17 0 01-1.682 1.145c-.629.265-1.303.4-1.984.4z\\&quot; fill=\\&quot;#fff\\&quot; stroke=\\&quot;#335ba6\\&quot; stroke-width=\\&quot;2\\&quot; stroke-miterlimit=\\&quot;10\\&quot;\\\/&gt;&lt;\\\/svg&gt;&quot;,&quot;marker_html_color&quot;:&quot;&quot;,&quot;has_theme_template&quot;:true,&quot;trace&quot;:{&quot;ID&quot;:51540,&quot;id&quot;:51540,&quot;title&quot;:&quot;Sablettes-mont-faron&quot;,&quot;filename&quot;:&quot;sablettes-mont-faron.gpx&quot;,&quot;filesize&quot;:8910,&quot;url&quot;:&quot;https:\\\/\\\/provence-mediterranee.prep.faire-savoir.eu\\\/assets\\\/uploads\\\/2024\\\/10\\\/sablettes-mont-faron.gpx&quot;,&quot;link&quot;:&quot;https:\\\/\\\/provence-mediterranee.prep.faire-savoir.eu\\\/en\\\/living-provence\\\/exceptional-landscapes\\\/ideas-for-outings\\\/cycling-in-provence-mediterranee-6\\\/sablettes-mont-faron-2\\\/&quot;,&quot;alt&quot;:&quot;&quot;,&quot;author&quot;:&quot;4&quot;,&quot;description&quot;:&quot;&quot;,&quot;caption&quot;:&quot;&quot;,&quot;name&quot;:&quot;sablettes-mont-faron-2&quot;,&quot;status&quot;:&quot;inherit&quot;,&quot;uploaded_to&quot;:51513,&quot;date&quot;:&quot;2024-10-08 13:37:04&quot;,&quot;modified&quot;:&quot;2024-10-08 13:37:04&quot;,&quot;menu_order&quot;:0,&quot;mime_type&quot;:&quot;text\\\/xml&quot;,&quot;type&quot;:&quot;text&quot;,&quot;subtype&quot;:&quot;xml&quot;,&quot;icon&quot;:&quot;https:\\\/\\\/provence-mediterranee.prep.faire-savoir.eu\\\/wp-includes\\\/images\\\/media\\\/text.png&quot;},&quot;trace_color&quot;:&quot;&quot;,&quot;trace_shape&quot;:&quot;&quot;,&quot;trace_opacity&quot;:&quot;&quot;,&quot;is_admin&quot;:false}'>\n\t<\/div>\n<\/div>\n<\/div>\n<\/section>\n\n<p><\/p>\n","protected":false},"excerpt":{"rendered":"<p>From beach to Toulon giant Enjoy a day of history, games and discovery, in the enchanting setting of the Sablettes beach, Tamaris bay and Toulon harbor. Travel aboard the waterbus, climb Mont Faron by cable car and enjoy panoramic views of the city, hills and sea. Fernand Braudel landscaped park In the heart of the [&hellip;]<\/p>\n","protected":false},"author":4,"featured_media":0,"parent":70051,"menu_order":0,"comment_status":"closed","ping_status":"closed","template":"templates\/getaway.php","meta":{"_acf_changed":false,"footnotes":"","_links_to":"","_links_to_target":""},"class_list":["post-51513","page","type-page","status-publish","hentry"],"acf":[],"_links":{"self":[{"href":"https:\/\/provence-mediterranee.prep.faire-savoir.eu\/en\/wp-json\/wp\/v2\/pages\/51513","targetHints":{"allow":["GET"]}}],"collection":[{"href":"https:\/\/provence-mediterranee.prep.faire-savoir.eu\/en\/wp-json\/wp\/v2\/pages"}],"about":[{"href":"https:\/\/provence-mediterranee.prep.faire-savoir.eu\/en\/wp-json\/wp\/v2\/types\/page"}],"author":[{"embeddable":true,"href":"https:\/\/provence-mediterranee.prep.faire-savoir.eu\/en\/wp-json\/wp\/v2\/users\/4"}],"replies":[{"embeddable":true,"href":"https:\/\/provence-mediterranee.prep.faire-savoir.eu\/en\/wp-json\/wp\/v2\/comments?post=51513"}],"version-history":[{"count":7,"href":"https:\/\/provence-mediterranee.prep.faire-savoir.eu\/en\/wp-json\/wp\/v2\/pages\/51513\/revisions"}],"predecessor-version":[{"id":77637,"href":"https:\/\/provence-mediterranee.prep.faire-savoir.eu\/en\/wp-json\/wp\/v2\/pages\/51513\/revisions\/77637"}],"up":[{"embeddable":true,"href":"https:\/\/provence-mediterranee.prep.faire-savoir.eu\/en\/wp-json\/wp\/v2\/pages\/70051"}],"wp:attachment":[{"href":"https:\/\/provence-mediterranee.prep.faire-savoir.eu\/en\/wp-json\/wp\/v2\/media?parent=51513"}],"curies":[{"name":"wp","href":"https:\/\/api.w.org\/{rel}","templated":true}]}}