{"id":36147,"date":"2024-03-11T13:37:41","date_gmt":"2024-03-11T12:37:41","guid":{"rendered":"https:\/\/provence-mediterranee.prep.faire-savoir.eu\/hyeres-porquerolles\/hyeres\/"},"modified":"2026-07-30T21:38:49","modified_gmt":"2026-07-30T19:38:49","slug":"hyeres","status":"publish","type":"page","link":"https:\/\/provence-mediterranee.prep.faire-savoir.eu\/de\/hyeres-porquerolles\/hyeres\/","title":{"rendered":"Hy\u00e8res"},"content":{"rendered":"\n<section class=\"wp-block-group alignfull pattern-text-image--map has-global-padding is-layout-constrained wp-block-group-is-layout-constrained\">\n<div class=\"wp-block-columns are-vertically-aligned-center is-layout-flex wp-container-core-columns-is-layout-28f84493 wp-block-columns-is-layout-flex\">\n<div class=\"wp-block-column is-vertically-aligned-center pattern-text-image--map__content is-layout-flow wp-block-column-is-layout-flow\">\n<h2 class=\"wp-block-heading\"><strong><strong>Stadt und Natur in Harmonie<\/strong><\/strong><\/h2>\n\n\n\n<p>Ville d\u2019art et d\u2019histoire install\u00e9e dans un \u00e9crin de nature pr\u00e9serv\u00e9e, Hy\u00e8res est le point de d\u00e9part vers les \u00eeles renomm\u00e9es de <a href=\"https:\/\/provence-mediterranee.prep.faire-savoir.eu\/hyeres-porquerolles\/porquerolles\/\" target=\"_blank\" rel=\"noreferrer noopener\">Porquerolles<\/a>, <a href=\"https:\/\/provence-mediterranee.prep.faire-savoir.eu\/hyeres-porquerolles\/port-cros\/\" target=\"_blank\" rel=\"noreferrer noopener\">Port-Cros<\/a> et <a href=\"https:\/\/provence-mediterranee.prep.faire-savoir.eu\/hyeres-porquerolles\/le-levant\/\" target=\"_blank\" rel=\"noreferrer noopener\">Le Levant<\/a>. Explorez la ville et les \u00eeles par leurs sites immanquables, plongez au c\u0153ur de petits paradis terrestres et maritimes, avec vue sur le grand large m\u00e9diterran\u00e9en. Dans les ruelles hy\u00e9roises, sur les sentiers de <a href=\"https:\/\/provence-mediterranee.prep.faire-savoir.eu\/hyeres-porquerolles\/incontournables-hyeres-porquerolles\/la-presquile-de-giens\/\" target=\"_blank\" rel=\"noreferrer noopener\">Giens<\/a> et de Port-Cros, sur les plages de carte postale \u00e0 Porquerolles et au Levant, un voyage d\u00e9paysant sous un ciel bleu azur s\u2019offre \u00e0 vous.<\/p>\n<\/div>\n\n\n\n<div class=\"wp-block-column is-vertically-aligned-center pattern-text-image--map__media is-layout-flow wp-block-column-is-layout-flow\" style=\"flex-basis:470px\">\n<figure data-wp-context=\"{&quot;imageId&quot;:&quot;6a95eac4ab62f&quot;}\" data-wp-interactive=\"core\/image\" data-wp-key=\"6a95eac4ab62f\" class=\"wp-block-image size-thumbnail wp-lightbox-container\"><img loading=\"lazy\" decoding=\"async\" width=\"367\" height=\"210\" data-wp-class--hide=\"state.isContentHidden\" data-wp-class--show=\"state.isContentVisible\" data-wp-init=\"callbacks.setButtonStyles\" data-wp-on--click=\"actions.showLightbox\" data-wp-on--load=\"callbacks.setButtonStyles\" data-wp-on-window--resize=\"callbacks.setButtonStyles\" src=\"https:\/\/provence-mediterranee.prep.faire-savoir.eu\/assets\/uploads\/2024\/03\/carte-hyeres.svg\" alt=\"\" class=\"wp-image-2760\"\/><button\n\t\t\tclass=\"lightbox-trigger\"\n\t\t\ttype=\"button\"\n\t\t\taria-haspopup=\"dialog\"\n\t\t\taria-label=\"Vergr\u00f6\u00dfern\"\n\t\t\tdata-wp-init=\"callbacks.initTriggerButton\"\n\t\t\tdata-wp-on--click=\"actions.showLightbox\"\n\t\t\tdata-wp-style--right=\"state.imageButtonRight\"\n\t\t\tdata-wp-style--top=\"state.imageButtonTop\"\n\t\t>\n\t\t\t<svg xmlns=\"http:\/\/www.w3.org\/2000\/svg\" width=\"12\" height=\"12\" fill=\"none\" viewBox=\"0 0 12 12\">\n\t\t\t\t<path fill=\"#fff\" d=\"M2 0a2 2 0 0 0-2 2v2h1.5V2a.5.5 0 0 1 .5-.5h2V0H2Zm2 10.5H2a.5.5 0 0 1-.5-.5V8H0v2a2 2 0 0 0 2 2h2v-1.5ZM8 12v-1.5h2a.5.5 0 0 0 .5-.5V8H12v2a2 2 0 0 1-2 2H8Zm2-12a2 2 0 0 1 2 2v2h-1.5V2a.5.5 0 0 0-.5-.5H8V0h2Z\" \/>\n\t\t\t<\/svg>\n\t\t<\/button><\/figure>\n<\/div>\n<\/div>\n<\/section>\n\n<section class=\"wp-block-group alignfull pattern-text-image has-global-padding is-layout-constrained wp-block-group-is-layout-constrained\">\n<div class=\"wp-block-columns alignwide are-vertically-aligned-center is-layout-flex wp-container-core-columns-is-layout-28f84493 wp-block-columns-is-layout-flex\">\n<div class=\"wp-block-column is-vertically-aligned-center pattern-text-image__media is-layout-flow wp-block-column-is-layout-flow\" style=\"flex-basis:67%\">\n<figure data-wp-context=\"{&quot;imageId&quot;:&quot;6a95eac4abf24&quot;}\" data-wp-interactive=\"core\/image\" data-wp-key=\"6a95eac4abf24\" class=\"wp-block-image size-large wp-lightbox-container\"><img loading=\"lazy\" decoding=\"async\" width=\"1200\" height=\"900\" data-wp-class--hide=\"state.isContentHidden\" data-wp-class--show=\"state.isContentVisible\" data-wp-init=\"callbacks.setButtonStyles\" data-wp-on--click=\"actions.showLightbox\" data-wp-on--load=\"callbacks.setButtonStyles\" data-wp-on-window--resize=\"callbacks.setButtonStyles\" src=\"https:\/\/provence-mediterranee.prep.faire-savoir.eu\/assets\/uploads\/2024\/03\/hyeresporquerolle-hyeres-hub-a1-olbia-1200x900.jpg\" alt=\"\" class=\"wp-image-3458\" srcset=\"https:\/\/provence-mediterranee.prep.faire-savoir.eu\/assets\/uploads\/2024\/03\/hyeresporquerolle-hyeres-hub-a1-olbia-1200x900.jpg 1200w, https:\/\/provence-mediterranee.prep.faire-savoir.eu\/assets\/uploads\/2024\/03\/hyeresporquerolle-hyeres-hub-a1-olbia-800x600.jpg 800w, https:\/\/provence-mediterranee.prep.faire-savoir.eu\/assets\/uploads\/2024\/03\/hyeresporquerolle-hyeres-hub-a1-olbia-520x390.jpg 520w, https:\/\/provence-mediterranee.prep.faire-savoir.eu\/assets\/uploads\/2024\/03\/hyeresporquerolle-hyeres-hub-a1-olbia-768x576.jpg 768w, https:\/\/provence-mediterranee.prep.faire-savoir.eu\/assets\/uploads\/2024\/03\/hyeresporquerolle-hyeres-hub-a1-olbia-1536x1152.jpg 1536w, https:\/\/provence-mediterranee.prep.faire-savoir.eu\/assets\/uploads\/2024\/03\/hyeresporquerolle-hyeres-hub-a1-olbia.jpg 1920w\" sizes=\"auto, (max-width: 1200px) 100vw, 1200px\" \/><button\n\t\t\tclass=\"lightbox-trigger\"\n\t\t\ttype=\"button\"\n\t\t\taria-haspopup=\"dialog\"\n\t\t\taria-label=\"Vergr\u00f6\u00dfern\"\n\t\t\tdata-wp-init=\"callbacks.initTriggerButton\"\n\t\t\tdata-wp-on--click=\"actions.showLightbox\"\n\t\t\tdata-wp-style--right=\"state.imageButtonRight\"\n\t\t\tdata-wp-style--top=\"state.imageButtonTop\"\n\t\t>\n\t\t\t<svg xmlns=\"http:\/\/www.w3.org\/2000\/svg\" width=\"12\" height=\"12\" fill=\"none\" viewBox=\"0 0 12 12\">\n\t\t\t\t<path fill=\"#fff\" d=\"M2 0a2 2 0 0 0-2 2v2h1.5V2a.5.5 0 0 1 .5-.5h2V0H2Zm2 10.5H2a.5.5 0 0 1-.5-.5V8H0v2a2 2 0 0 0 2 2h2v-1.5ZM8 12v-1.5h2a.5.5 0 0 0 .5-.5V8H12v2a2 2 0 0 1-2 2H8Zm2-12a2 2 0 0 1 2 2v2h-1.5V2a.5.5 0 0 0-.5-.5H8V0h2Z\" \/>\n\t\t\t<\/svg>\n\t\t<\/button><figcaption class=\"wp-element-caption\">Die antiken Ruinen von Olbia, Zeugen von 2400 Jahren Geschichte<\/figcaption><\/figure>\n<\/div>\n\n\n\n<div class=\"wp-block-column is-vertically-aligned-center pattern-text-image__content is-layout-flow wp-block-column-is-layout-flow\" style=\"flex-basis:33%\">\n<h2 class=\"wp-block-heading\"><strong><strong>Die arch\u00e4ologische St\u00e4tte von Olbia<\/strong><\/strong><\/h2>\n\n\n\n<p>Olbia liegt auf einer leichten Landzunge am Meer und ist das einzige vollst\u00e4ndig erhaltene Zeugnis eines Netzes von griechischen Festungskolonien, die von Marseille ab dem vierten Jahrhundert v. Chr. gegr\u00fcndet wurden. Die ersten Olbier waren Soldaten-Kolonisten, Fischer und Landwirte.<\/p>\n\n\n\n<div class=\"wp-block-buttons is-layout-flex wp-block-buttons-is-layout-flex\">\n<div class=\"wp-block-button\"><a class=\"wp-block-button__link wp-element-button\" href=\"https:\/\/provence-mediterranee.prep.faire-savoir.eu\/activites\/site-archeologique-dolbia\/\" target=\"_blank\" rel=\"noreferrer noopener\"><kbd>BESUCHEN SIE OLBIA<\/kbd><\/a><\/div>\n<\/div>\n<\/div>\n<\/div>\n<\/section>\n\n<section class=\"wp-block-group alignfull pattern-link-mosaic has-global-padding is-layout-constrained wp-block-group-is-layout-constrained\">\n<div class=\"wp-block-group alignwide is-content-justification-left is-layout-flow wp-block-group-is-layout-flow\">\t<div class=\"fsgb-block-link-mosaic is-style-micro-cards\">\n\n\t\t\t\t\n\t\t\t\t\t\t\t\t\t\t\t\t\t\t\t\t\t\t\t\t\t<article class=\"card card--page stretched-link card--link-mosaic stack\" >\n\t\t\t\t\t<div class=\"card__thumbnail has-middleground-background-color stack\">\n\t\t\t\t\t\t\t\t<figure><img loading=\"lazy\" decoding=\"async\" width=\"1920\" height=\"930\" src=\"https:\/\/provence-mediterranee.prep.faire-savoir.eu\/assets\/uploads\/2024\/03\/hyeresporquerolle-hyeres-hub-m1-visiter-la-vieille-ville-2.jpg\" class=\"attachment-full size-full\" alt=\"\" aria-hidden=\"true\" srcset=\"https:\/\/provence-mediterranee.prep.faire-savoir.eu\/assets\/uploads\/2024\/03\/hyeresporquerolle-hyeres-hub-m1-visiter-la-vieille-ville-2.jpg 1920w, https:\/\/provence-mediterranee.prep.faire-savoir.eu\/assets\/uploads\/2024\/03\/hyeresporquerolle-hyeres-hub-m1-visiter-la-vieille-ville-2-800x388.jpg 800w, https:\/\/provence-mediterranee.prep.faire-savoir.eu\/assets\/uploads\/2024\/03\/hyeresporquerolle-hyeres-hub-m1-visiter-la-vieille-ville-2-1200x581.jpg 1200w, https:\/\/provence-mediterranee.prep.faire-savoir.eu\/assets\/uploads\/2024\/03\/hyeresporquerolle-hyeres-hub-m1-visiter-la-vieille-ville-2-520x252.jpg 520w, https:\/\/provence-mediterranee.prep.faire-savoir.eu\/assets\/uploads\/2024\/03\/hyeresporquerolle-hyeres-hub-m1-visiter-la-vieille-ville-2-768x372.jpg 768w, https:\/\/provence-mediterranee.prep.faire-savoir.eu\/assets\/uploads\/2024\/03\/hyeresporquerolle-hyeres-hub-m1-visiter-la-vieille-ville-2-1536x744.jpg 1536w\" sizes=\"auto, (max-width: 1920px) 100vw, 1920px\" \/><\/figure>\t\t\t\t\t\t\t\t<div class=\"on-hover\"><\/div>\n\t\t\t<\/div>\n\t\t\n\t\t<div class=\"card__content\">\n\t\t\t\t\t\t\n\t\t\t\t\t\t<h3 class=\"title wp-block-heading\">\n\t\t\t\t\t\t\t\t\t<a href=\"https:\/\/provence-mediterranee.prep.faire-savoir.eu\/hyeres-porquerolles\/hyeres\/visiter-vieille-ville-hyeres\/\">Visiter la vieille ville<\/a>\t\t\t\t\t\t\t<\/h3>\n\n\t\t\t\t\t\t\n\t\t\t\t\t\t\t\t\t\n\t\t\t\t\t\t\n\t\t\t\t\t\t\n\t\t\t\t\t\t\n\t\t\t\t\t\t\n\t\t\t\t\t\t\n\t\t\t\t\t\t\n\t\t\t\t\t\t\t\t\t\n\t\t<\/div>\n\t<\/article>\n\t\t\t\t\t\t\t\t\t\t\t\t\t\t\t\t\t\t\t\t\t\t\t\t\t\t\t\t\t\t\t\t\t\t<article class=\"card card--page stretched-link card--link-mosaic stack\" >\n\t\t\t\t\t<div class=\"card__thumbnail has-middleground-background-color stack\">\n\t\t\t\t\t\t\t\t<figure><img loading=\"lazy\" decoding=\"async\" width=\"900\" height=\"900\" src=\"https:\/\/provence-mediterranee.prep.faire-savoir.eu\/assets\/uploads\/2024\/03\/hyeresporquerolle-hyeres-hubm-m2-quartiers-historiques-2.jpg\" class=\"attachment-full size-full\" alt=\"\" aria-hidden=\"true\" srcset=\"https:\/\/provence-mediterranee.prep.faire-savoir.eu\/assets\/uploads\/2024\/03\/hyeresporquerolle-hyeres-hubm-m2-quartiers-historiques-2.jpg 900w, https:\/\/provence-mediterranee.prep.faire-savoir.eu\/assets\/uploads\/2024\/03\/hyeresporquerolle-hyeres-hubm-m2-quartiers-historiques-2-800x800.jpg 800w, https:\/\/provence-mediterranee.prep.faire-savoir.eu\/assets\/uploads\/2024\/03\/hyeresporquerolle-hyeres-hubm-m2-quartiers-historiques-2-520x520.jpg 520w, https:\/\/provence-mediterranee.prep.faire-savoir.eu\/assets\/uploads\/2024\/03\/hyeresporquerolle-hyeres-hubm-m2-quartiers-historiques-2-768x768.jpg 768w\" sizes=\"auto, (max-width: 900px) 100vw, 900px\" \/><\/figure>\t\t\t\t\t\t\t\t<div class=\"on-hover\"><\/div>\n\t\t\t<\/div>\n\t\t\n\t\t<div class=\"card__content\">\n\t\t\t\t\t\t\n\t\t\t\t\t\t<h3 class=\"title wp-block-heading\">\n\t\t\t\t\t\t\t\t\t<a href=\"https:\/\/provence-mediterranee.prep.faire-savoir.eu\/hyeres-porquerolles\/hyeres\/quartiers-historiques\/\">Quartiers historiques<\/a>\t\t\t\t\t\t\t<\/h3>\n\n\t\t\t\t\t\t\n\t\t\t\t\t\t\t\t\t\n\t\t\t\t\t\t\n\t\t\t\t\t\t\n\t\t\t\t\t\t\n\t\t\t\t\t\t\n\t\t\t\t\t\t\n\t\t\t\t\t\t\n\t\t\t\t\t\t\t\t\t\n\t\t<\/div>\n\t<\/article>\n\t\t\t\t\t\t\t\t\t\t\t\t\t\t\t\t\t\t\t\t\t\t\t\t\t\t\t\t\t\t\t\t\t\t<article class=\"card card--page stretched-link card--link-mosaic stack\" >\n\t\t\t\t\t<div class=\"card__thumbnail has-middleground-background-color stack\">\n\t\t\t\t\t\t\t\t<figure><img loading=\"lazy\" decoding=\"async\" width=\"1920\" height=\"930\" src=\"https:\/\/provence-mediterranee.prep.faire-savoir.eu\/assets\/uploads\/2024\/03\/hyeresporquerolle-hyeres-hub-m3-salins-2.jpg\" class=\"attachment-full size-full\" alt=\"\" aria-hidden=\"true\" srcset=\"https:\/\/provence-mediterranee.prep.faire-savoir.eu\/assets\/uploads\/2024\/03\/hyeresporquerolle-hyeres-hub-m3-salins-2.jpg 1920w, https:\/\/provence-mediterranee.prep.faire-savoir.eu\/assets\/uploads\/2024\/03\/hyeresporquerolle-hyeres-hub-m3-salins-2-800x388.jpg 800w, https:\/\/provence-mediterranee.prep.faire-savoir.eu\/assets\/uploads\/2024\/03\/hyeresporquerolle-hyeres-hub-m3-salins-2-1200x581.jpg 1200w, https:\/\/provence-mediterranee.prep.faire-savoir.eu\/assets\/uploads\/2024\/03\/hyeresporquerolle-hyeres-hub-m3-salins-2-520x252.jpg 520w, https:\/\/provence-mediterranee.prep.faire-savoir.eu\/assets\/uploads\/2024\/03\/hyeresporquerolle-hyeres-hub-m3-salins-2-768x372.jpg 768w, https:\/\/provence-mediterranee.prep.faire-savoir.eu\/assets\/uploads\/2024\/03\/hyeresporquerolle-hyeres-hub-m3-salins-2-1536x744.jpg 1536w\" sizes=\"auto, (max-width: 1920px) 100vw, 1920px\" \/><\/figure>\t\t\t\t\t\t\t\t<div class=\"on-hover\"><\/div>\n\t\t\t<\/div>\n\t\t\n\t\t<div class=\"card__content\">\n\t\t\t\t\t\t\n\t\t\t\t\t\t<h3 class=\"title wp-block-heading\">\n\t\t\t\t\t\t\t\t\t<a href=\"https:\/\/provence-mediterranee.prep.faire-savoir.eu\/hyeres-porquerolles\/hyeres\/autour-des-salins\/\">Autour des salins<\/a>\t\t\t\t\t\t\t<\/h3>\n\n\t\t\t\t\t\t\n\t\t\t\t\t\t\t\t\t\n\t\t\t\t\t\t\n\t\t\t\t\t\t\n\t\t\t\t\t\t\n\t\t\t\t\t\t\n\t\t\t\t\t\t\n\t\t\t\t\t\t\n\t\t\t\t\t\t\t\t\t\n\t\t<\/div>\n\t<\/article>\n\t\t\t\t\t\t\t\t\t\t\t\t\t\t\t\t\t\t\n\t\t\t\t\t\t\t\t\t\t\t<\/div>\n\n\n\n\n<p><\/p>\n<\/div>\n<\/section>\n\n<h2 class=\"wp-block-heading\">FAQ<\/h2>\n<div id=\"rank-math-faq\" class=\"rank-math-block\">\n<div class=\"rank-math-list \">\n<div id=\"faq-question-1781182141151\" class=\"rank-math-list-item\">\n<h3 class=\"rank-math-question \">Est-ce que la Villa Carmignac est ouverte toute l\u2019ann\u00e9e ?<\/h3>\n<div class=\"rank-math-answer \">\n\n<p><a href=\"https:\/\/provence-mediterranee.prep.faire-savoir.eu\/hyeres-porquerolles\/porquerolles\/fondation-carmignac\/\" target=\"_blank\" rel=\"noreferrer noopener\">La Villa Carmignac<\/a>, situ\u00e9e sur <a href=\"https:\/\/provence-mediterranee.prep.faire-savoir.eu\/hyeres-porquerolles\/porquerolles\/\" target=\"_blank\" rel=\"noreferrer noopener\">l&#8217;\u00eele de Porquerolles<\/a>, est ouverte de fin avril \u00e0 d\u00e9but novembre, tous les jours sauf le lundi. Chaque ann\u00e9e, une nouvelle exposition immanquable est pr\u00e9sent\u00e9e dans le mus\u00e9e. Visitez aussi son jardin orn\u00e9 de sculptures &amp; oeuvres monumentales<\/p>\n\n<\/div>\n<\/div>\n<div id=\"faq-question-1781182163885\" class=\"rank-math-list-item\">\n<h3 class=\"rank-math-question \">Que voir aux salins d\u2019Hy\u00e8res\u00a0?<\/h3>\n<div class=\"rank-math-answer \">\n\n<p>Les salins d&#8217;Hy\u00e8res, scind\u00e9s en deux zones humides, les vieux salins et le salin des Pesquiers, abritent plus de 200 esp\u00e8ces d&#8217;oiseaux migrateurs ou s\u00e9dentaires et 300 vari\u00e9t\u00e9s de plantes. Des visites guid\u00e9es y sont organis\u00e9es autour de l\u2019histoire du sel et de la d\u00e9couverte des oiseaux.<\/p>\n\n<\/div>\n<\/div>\n<div id=\"faq-question-1781182175222\" class=\"rank-math-list-item\">\n<h3 class=\"rank-math-question \">Quelles esp\u00e8ces sous-marines peut-on observer lors d\u2019une plong\u00e9e \u00e0 Port-Cros ?<\/h3>\n<div class=\"rank-math-answer \">\n\n<p>Girelle, saupe, petit sar, chapon, mur\u00e8ne, m\u00e9rou, corb, poulpe\u2026 Pr\u00e8s d\u2019une centaine d\u2019esp\u00e8ces peuplent les fonds du parc national. Voir tous les centres de <a href=\"https:\/\/provence-mediterranee.prep.faire-savoir.eu\/vivre-la-provence\/vacances-a-la-mer\/destination-plongee\/centres-de-plongee\/\" data-type=\"link\" data-id=\"https:\/\/provence-mediterranee.prep.faire-savoir.eu\/vivre-la-provence\/vacances-a-la-mer\/destination-plongee\/centres-de-plongee\/\">plong\u00e9e sous-marine<\/a>.<\/p>\n\n<\/div>\n<\/div>\n<div id=\"faq-question-1781182247420\" class=\"rank-math-list-item\">\n<h3 class=\"rank-math-question \">Quels sont les plus beaux jardins \u00e0 visiter \u00e0 Hy\u00e8res ?<\/h3>\n<div class=\"rank-math-answer \">\n\n<p>Hy\u00e8res compte trois jardins remarquables : <a href=\"https:\/\/provence-mediterranee.prep.faire-savoir.eu\/activite\/parc-olbius-riquier\/\" data-type=\"activite\" data-id=\"10004\">Olbius Riquier<\/a>, le parc <a href=\"https:\/\/provence-mediterranee.prep.faire-savoir.eu\/activite\/parc-saint-bernard\/\" data-type=\"activite\" data-id=\"10005\">Saint-Bernard<\/a> et le parc <a href=\"https:\/\/provence-mediterranee.prep.faire-savoir.eu\/activite\/parc-sainte-claire\/\" data-type=\"activite\" data-id=\"10006\">Sainte-Claire<\/a>. Ces jardins remarquables offrent une grande diversit\u00e9 botanique, des panoramas sur la vieille ville et des ambiances propices \u00e0 la promenade. Ils figurent parmi les sites incontournables \u00e0 d\u00e9couvrir lors de votre s\u00e9jour \u00e0 Hy\u00e8res.<\/p>\n\n<\/div>\n<\/div>\n<div id=\"faq-question-1781182767974\" class=\"rank-math-list-item\">\n<h3 class=\"rank-math-question \">Pourquoi visiter la vieille ville de Hy\u00e8res ?<\/h3>\n<div class=\"rank-math-answer \">\n\n<p>La<a href=\"https:\/\/provence-mediterranee.prep.faire-savoir.eu\/hyeres-porquerolles\/hyeres\/visiter-vieille-ville-hyeres\/\" data-type=\"link\" data-id=\"https:\/\/provence-mediterranee.prep.faire-savoir.eu\/hyeres-porquerolles\/hyeres\/visiter-vieille-ville-hyeres\/\"> vieille ville de Hy\u00e8res<\/a> s\u00e9duit par ses ruelles m\u00e9di\u00e9vales, ses fa\u00e7ades color\u00e9es, ses places anim\u00e9es et les vestiges de son ch\u00e2teau. Entre patrimoine, artisanat local, jardins perch\u00e9s et points de vue sur la M\u00e9diterran\u00e9e, elle offre une immersion authentique dans l\u2019histoire et l\u2019art de vivre proven\u00e7al.<\/p>\n\n<\/div>\n<\/div>\n<div id=\"faq-question-1781182803546\" class=\"rank-math-list-item\">\n<h3 class=\"rank-math-question \">Peut-on observer des flamants roses aux salins d\u2019Hy\u00e8res ?<\/h3>\n<div class=\"rank-math-answer \">\n\n<p>Oui, les salins d\u2019Hy\u00e8res sont l\u2019un des meilleurs sites d\u2019observation des oiseaux en Provence. Toute l\u2019ann\u00e9e, il est possible d\u2019y apercevoir des flamants roses ainsi que de nombreuses esp\u00e8ces migratrices. Des <a href=\"https:\/\/provence-mediterranee.prep.faire-savoir.eu\/nos-loisirs\/?_categorie_loisirs=visites-et-excursions&amp;_sous_categorie_loisirs=nature&amp;_commune_loisirs=hyeres\" data-type=\"link\" data-id=\"https:\/\/provence-mediterranee.prep.faire-savoir.eu\/nos-loisirs\/?_categorie_loisirs=visites-et-excursions&amp;_sous_categorie_loisirs=nature&amp;_commune_loisirs=hyeres\">visites guid\u00e9es<\/a> permettent de d\u00e9couvrir cet espace naturel prot\u00e9g\u00e9 dans les meilleures conditions.<\/p>\n\n<\/div>\n<\/div>\n<\/div>\n<\/div>\n<section class=\"wp-block-group alignfull pattern-text-image--columns has-global-padding is-layout-constrained wp-block-group-is-layout-constrained\">\n<div class=\"wp-block-columns are-vertically-aligned-center is-layout-flex wp-container-core-columns-is-layout-28f84493 wp-block-columns-is-layout-flex\">\n<div class=\"wp-block-column is-vertically-aligned-center pattern-text-image--columns__left is-layout-flow wp-block-column-is-layout-flow\" style=\"flex-basis:60%\">\n<p class=\"step is-style-surtitle\">Zoom auf<\/p>\n\n\n\n<h2 class=\"wp-block-heading\">Die bemerkenswerten G\u00e4rten von Hy\u00e8res<\/h2>\n\n\n\n<p>La ville compte trois sites class\u00e9s \u00ab jardins remarquables \u00bb. Le <a href=\"https:\/\/provence-mediterranee.prep.faire-savoir.eu\/activites\/parc-olbius-riquier\/\" target=\"_blank\" rel=\"noreferrer noopener\">parc Olbius Riquier<\/a>, grand de 7 hectares, est id\u00e9al pour les enfants avec ses jeux, son petit train, son man\u00e8ge et son mini zoo. Surplombant la cit\u00e9 m\u00e9di\u00e9vale, le parc du <a href=\"https:\/\/provence-mediterranee.prep.faire-savoir.eu\/activite\/castel-sainte-claire\/\">Castel Sainte-Claire<\/a>, r\u00e9am\u00e9nag\u00e9 par la romanci\u00e8re \u00c9dith Wharton abrite des esp\u00e8ces subtropicales d\u2019Am\u00e9rique du Sud et d\u2019Australie, lui assurant des fleurs toute l\u2019ann\u00e9e.<\/p>\n\n\n\n<figure class=\"wp-block-image size-medium is-resized\"><img loading=\"lazy\" decoding=\"async\" width=\"800\" height=\"532\" src=\"https:\/\/provence-mediterranee.prep.faire-savoir.eu\/assets\/uploads\/2025\/03\/hyeres-les-palmiers-otmpm-provencemed-22-800x532.jpg\" alt=\"\" class=\"wp-image-75917\" style=\"width:664px;height:auto\" srcset=\"https:\/\/provence-mediterranee.prep.faire-savoir.eu\/assets\/uploads\/2025\/03\/hyeres-les-palmiers-otmpm-provencemed-22-800x532.jpg 800w, https:\/\/provence-mediterranee.prep.faire-savoir.eu\/assets\/uploads\/2025\/03\/hyeres-les-palmiers-otmpm-provencemed-22-1200x799.jpg 1200w, https:\/\/provence-mediterranee.prep.faire-savoir.eu\/assets\/uploads\/2025\/03\/hyeres-les-palmiers-otmpm-provencemed-22-520x346.jpg 520w, https:\/\/provence-mediterranee.prep.faire-savoir.eu\/assets\/uploads\/2025\/03\/hyeres-les-palmiers-otmpm-provencemed-22-768x511.jpg 768w, https:\/\/provence-mediterranee.prep.faire-savoir.eu\/assets\/uploads\/2025\/03\/hyeres-les-palmiers-otmpm-provencemed-22-1536x1022.jpg 1536w, https:\/\/provence-mediterranee.prep.faire-savoir.eu\/assets\/uploads\/2025\/03\/hyeres-les-palmiers-otmpm-provencemed-22-2048x1363.jpg 2048w\" sizes=\"auto, (max-width: 800px) 100vw, 800px\" \/><\/figure>\n<\/div>\n\n\n\n<div class=\"wp-block-column is-vertically-aligned-center pattern-text-image--columns__right is-layout-flow wp-block-column-is-layout-flow\" style=\"flex-basis:40%\">\n<figure class=\"wp-block-image size-thumbnail\"><a href=\"https:\/\/provence-mediterranee.prep.faire-savoir.eu\/hyeres-porquerolles\/hyeres\/jardins-remarquables\/\"><img loading=\"lazy\" decoding=\"async\" width=\"520\" height=\"390\" src=\"https:\/\/provence-mediterranee.prep.faire-savoir.eu\/assets\/uploads\/2024\/04\/hyeresporquerolle-hyeres-visiter-la-vieille-ville-a2-jardins-remarquables-520x390.jpg\" alt=\"\" class=\"wp-image-6225\" srcset=\"https:\/\/provence-mediterranee.prep.faire-savoir.eu\/assets\/uploads\/2024\/04\/hyeresporquerolle-hyeres-visiter-la-vieille-ville-a2-jardins-remarquables-520x390.jpg 520w, https:\/\/provence-mediterranee.prep.faire-savoir.eu\/assets\/uploads\/2024\/04\/hyeresporquerolle-hyeres-visiter-la-vieille-ville-a2-jardins-remarquables-800x600.jpg 800w, https:\/\/provence-mediterranee.prep.faire-savoir.eu\/assets\/uploads\/2024\/04\/hyeresporquerolle-hyeres-visiter-la-vieille-ville-a2-jardins-remarquables-1200x900.jpg 1200w, https:\/\/provence-mediterranee.prep.faire-savoir.eu\/assets\/uploads\/2024\/04\/hyeresporquerolle-hyeres-visiter-la-vieille-ville-a2-jardins-remarquables-768x576.jpg 768w, https:\/\/provence-mediterranee.prep.faire-savoir.eu\/assets\/uploads\/2024\/04\/hyeresporquerolle-hyeres-visiter-la-vieille-ville-a2-jardins-remarquables-1536x1152.jpg 1536w, https:\/\/provence-mediterranee.prep.faire-savoir.eu\/assets\/uploads\/2024\/04\/hyeresporquerolle-hyeres-visiter-la-vieille-ville-a2-jardins-remarquables.jpg 1920w\" sizes=\"auto, (max-width: 520px) 100vw, 520px\" \/><\/a><\/figure>\n\n\n\n<p>Plus haut, le <a href=\"https:\/\/provence-mediterranee.prep.faire-savoir.eu\/activites\/parc-saint-bernard\/\" target=\"_blank\" rel=\"noreferrer noopener\">parc Saint-Bernard<\/a>, au pied de <a href=\"https:\/\/provence-mediterranee.prep.faire-savoir.eu\/hyeres-porquerolles\/incontournables-hyeres-porquerolles\/villa-noailles-hyeres\/\" target=\"_blank\" rel=\"noreferrer noopener\">la Villa Noailles<\/a>, s\u2019\u00e9tage en restanques le long de la colline.<\/p>\n\n\n\n<div class=\"wp-block-buttons is-layout-flex wp-block-buttons-is-layout-flex\">\n<div class=\"wp-block-button\"><a class=\"wp-block-button__link wp-element-button\" href=\"https:\/\/provence-mediterranee.prep.faire-savoir.eu\/hyeres-porquerolles\/hyeres\/jardins-remarquables\/\" target=\"_blank\" rel=\"noreferrer noopener\">DIE BEMERKENSWERTEN G\u00c4RTEN<\/a><\/div>\n<\/div>\n<\/div>\n<\/div>\n<\/section>\n","protected":false},"excerpt":{"rendered":"<p>Stadt und Natur in Harmonie Ville d\u2019art et d\u2019histoire install\u00e9e dans un \u00e9crin de nature pr\u00e9serv\u00e9e, Hy\u00e8res est le point de d\u00e9part vers les \u00eeles renomm\u00e9es de Porquerolles, Port-Cros et Le Levant. Explorez la ville et les \u00eeles par leurs sites immanquables, plongez au c\u0153ur de petits paradis terrestres et maritimes, avec vue sur le [&hellip;]<\/p>\n","protected":false},"author":9,"featured_media":29702,"parent":36143,"menu_order":20,"comment_status":"closed","ping_status":"closed","template":"templates\/hub.php","meta":{"_acf_changed":false,"footnotes":"","_links_to":"","_links_to_target":""},"class_list":["post-36147","page","type-page","status-publish","has-post-thumbnail","hentry"],"acf":[],"_links":{"self":[{"href":"https:\/\/provence-mediterranee.prep.faire-savoir.eu\/de\/wp-json\/wp\/v2\/pages\/36147","targetHints":{"allow":["GET"]}}],"collection":[{"href":"https:\/\/provence-mediterranee.prep.faire-savoir.eu\/de\/wp-json\/wp\/v2\/pages"}],"about":[{"href":"https:\/\/provence-mediterranee.prep.faire-savoir.eu\/de\/wp-json\/wp\/v2\/types\/page"}],"author":[{"embeddable":true,"href":"https:\/\/provence-mediterranee.prep.faire-savoir.eu\/de\/wp-json\/wp\/v2\/users\/9"}],"replies":[{"embeddable":true,"href":"https:\/\/provence-mediterranee.prep.faire-savoir.eu\/de\/wp-json\/wp\/v2\/comments?post=36147"}],"version-history":[{"count":6,"href":"https:\/\/provence-mediterranee.prep.faire-savoir.eu\/de\/wp-json\/wp\/v2\/pages\/36147\/revisions"}],"predecessor-version":[{"id":141563,"href":"https:\/\/provence-mediterranee.prep.faire-savoir.eu\/de\/wp-json\/wp\/v2\/pages\/36147\/revisions\/141563"}],"up":[{"embeddable":true,"href":"https:\/\/provence-mediterranee.prep.faire-savoir.eu\/de\/wp-json\/wp\/v2\/pages\/36143"}],"wp:featuredmedia":[{"embeddable":true,"href":"https:\/\/provence-mediterranee.prep.faire-savoir.eu\/de\/wp-json\/wp\/v2\/media\/29702"}],"wp:attachment":[{"href":"https:\/\/provence-mediterranee.prep.faire-savoir.eu\/de\/wp-json\/wp\/v2\/media?parent=36147"}],"curies":[{"name":"wp","href":"https:\/\/api.w.org\/{rel}","templated":true}]}}